{"id":1857143,"date":"2026-02-12T11:03:12","date_gmt":"2026-02-12T10:03:12","guid":{"rendered":"https:\/\/lemonti.pl\/sklep\/bez-kategorii\/pendrive-verbatim-store-n-go-secure-pro-32gb-usb-3-0\/"},"modified":"2026-08-28T09:08:03","modified_gmt":"2026-08-28T07:08:03","slug":"pendrive-verbatim-store-n-go-secure-pro-32gb-usb-3-0","status":"publish","type":"product","link":"https:\/\/lemonti.pl\/en\/sklep\/akcesoria-rozne\/pamieci-flash\/pendrive-verbatim-store-n-go-secure-pro-32gb-usb-3-0\/","title":{"rendered":"Pendrive Verbatim Store 'n&#8217; Go Secure Pro 32GB USB 3.0"},"content":{"rendered":"<div class=\"vgblk-rw-wrapper limit-wrapper\">\n<section class=\"section\">\n<div class=\"item item-12\">\n<section class=\"text-item\">\n<h1>Pendrive Verbatim Store 'n&#8217; Go Secure Pro 32GB USB 3.0<\/h1>\n<\/section><\/div>\n<\/section>\n<section class=\"section\">\n<div class=\"item item-6\">\n<section class=\"text-item\">\n<ul>\n<li><b>Producent:<\/b> VERBATIM<\/li>\n<li><b>Nazwa typu:<\/b> Pami\u0119ci<\/li>\n<li><b>Okres r\u0119kojmi w miesi\u0105cach:<\/b> 24<\/li>\n<li><b>Miejsce serwisowania:<\/b> Incom Group SA<\/li>\n<li><b>Opis og\u00f3lny:<\/b> Pendrive Verbatim Store 'n&#8217; Go Secure Pro 32GB USB 3.0<\/li>\n<li><b>Rodzaj pami\u0119ci:<\/b> Pendrive<\/li>\n<li><b>Pojemno\u015b\u0107 pami\u0119ci:<\/b> 32 GB<\/li>\n<li><b>Standard pami\u0119ci:<\/b> Flash<\/li>\n<li><b>Cz\u0119stotliwo\u015b\u0107 szyny pami\u0119ci:<\/b> nie dotyczy<\/li>\n<li><b>Typ pami\u0119ci:<\/b> n\/d<\/li>\n<li><b>Z\u0142\u0105cze pami\u0119ci:<\/b> USB 3.0<\/li>\n<li><b>Kolor:<\/b> Szary<\/li>\n<li><b>Opakowanie:<\/b> Blister<\/li>\n<li><b>Cechy:<\/b> 32GB;USB 3.0<\/li>\n<\/ul>\n<\/section><\/div>\n<div class=\"item item-6\">\n<section class=\"image-item\"><img decoding=\"async\" src=\"https:\/\/upload.cdn.baselinker.com\/products\/6010088\/df40f0cb6d98d1ab556d781df2e84685.jpg\" \/><\/section>\n<\/p><\/div>\n<\/section>\n<section class=\"section\">\n<div class=\"item item-6\">\n<section class=\"text-item\">\n<p><b>Informacje dodatkowe:<\/b><\/p>\n<ul>\n<li>256-bitowe sprz\u0119towe szyfrowanie AES ze sprz\u0119tem opartym na kontrolerze&nbsp;bezpiecze\u0144stwa<\/li>\n<li>Wst\u0119pnie zainstalowana, automatycznie uruchamiana, intuicyjna aplikacja&nbsp;zapewniaj\u0105ca ochron\u0119 has\u0142em<\/li>\n<li>Algorytm haszowania has\u0142a<\/li>\n<li>Odporne na hackowanie \u2013 urz\u0105dzenie usuwa dane po 10 nieudanych pr\u00f3bach&nbsp;uzyskania dost\u0119pu<\/li>\n<li>USB SuperSpeed o pr\u0119dko\u015bci 5 Gb\/s<\/li>\n<li>Surowe regu\u0142y uwierzytelniania \u2013 \u015bcis\u0142e zasady ustanawiania hase\u0142<\/li>\n<li>Uprawnienia administratora nie s\u0105 wymagane na komputerach-hostach<\/li>\n<li>Ulepszenia dla technologii Readyboost systemu Windows<\/li>\n<li>Wysuwane z\u0142\u0105cze USB eliminuje niedogodno\u015bci zwi\u0105zane z u\u017cywaniem zatyczek<\/li>\n<li>Minimalna szybko\u015b\u0107 zapisu: 100MB\/s<\/li>\n<li>Minimalna szybko\u015b\u0107 odczytu: 35MB\/s<\/li>\n<li>Zgodno\u015b\u0107 z systemami Windows i Mac OS<\/li>\n<li>Zgodno\u015b\u0107 ze standardem USB 2.0<\/li>\n<li>Wymiary: 55 x 20 x 9.5 mm<\/li>\n<\/ul>\n<\/section><\/div>\n<div class=\"item item-6\">\n<section class=\"image-item\"><img decoding=\"async\" src=\"https:\/\/upload.cdn.baselinker.com\/products\/6010088\/54f7a4b668970e45ca298c3ad87d2d51.jpg\" \/><\/section>\n<\/p><\/div>\n<\/section>\n<section class=\"section\">\n<div class=\"item item-12\">\n<section class=\"image-item\"><img decoding=\"async\" src=\"https:\/\/upload.cdn.baselinker.com\/products\/6010088\/f1e84681333078e10a372c888c79130f.jpg\" \/><\/section>\n<\/p><\/div>\n<\/section>\n<\/div>\n<p><!-- .vgblk-rw-wrapper --><\/p>","protected":false},"excerpt":{"rendered":"<p>Pendrive Verbatim Store 'n&#8217; Go Secure Pro 32GB USB 3.0 Producent: VERBATIM Nazwa typu: Pami\u0119ci Okres r\u0119kojmi w miesi\u0105cach: 24 Miejsce serwisowania: Incom Group SA Opis og\u00f3lny: Pendrive Verbatim Store 'n&#8217; Go Secure Pro 32GB USB 3.0 Rodzaj pami\u0119ci: Pendrive Pojemno\u015b\u0107 pami\u0119ci: 32 GB Standard pami\u0119ci: Flash Cz\u0119stotliwo\u015b\u0107 szyny pami\u0119ci: nie dotyczy Typ pami\u0119ci: n\/d&#8230;<\/p>","protected":false},"featured_media":1857136,"comment_status":"open","ping_status":"closed","template":"","meta":[],"product_brand":[16654],"product_cat":[306,307],"product_tag":[],"class_list":["post-1857143","product","type-product","status-publish","has-post-thumbnail","product_brand-verbatim","product_cat-akcesoria-rozne","product_cat-pamieci-flash","first","outofstock","taxable","shipping-taxable","purchasable","product-type-simple"],"_links":{"self":[{"href":"https:\/\/lemonti.pl\/en\/wp-json\/wp\/v2\/product\/1857143","targetHints":{"allow":["GET"]}}],"collection":[{"href":"https:\/\/lemonti.pl\/en\/wp-json\/wp\/v2\/product"}],"about":[{"href":"https:\/\/lemonti.pl\/en\/wp-json\/wp\/v2\/types\/product"}],"replies":[{"embeddable":true,"href":"https:\/\/lemonti.pl\/en\/wp-json\/wp\/v2\/comments?post=1857143"}],"version-history":[{"count":1,"href":"https:\/\/lemonti.pl\/en\/wp-json\/wp\/v2\/product\/1857143\/revisions"}],"predecessor-version":[{"id":1859741,"href":"https:\/\/lemonti.pl\/en\/wp-json\/wp\/v2\/product\/1857143\/revisions\/1859741"}],"wp:featuredmedia":[{"embeddable":true,"href":"https:\/\/lemonti.pl\/en\/wp-json\/wp\/v2\/media\/1857136"}],"wp:attachment":[{"href":"https:\/\/lemonti.pl\/en\/wp-json\/wp\/v2\/media?parent=1857143"}],"wp:term":[{"taxonomy":"product_brand","embeddable":true,"href":"https:\/\/lemonti.pl\/en\/wp-json\/wp\/v2\/product_brand?post=1857143"},{"taxonomy":"product_cat","embeddable":true,"href":"https:\/\/lemonti.pl\/en\/wp-json\/wp\/v2\/product_cat?post=1857143"},{"taxonomy":"product_tag","embeddable":true,"href":"https:\/\/lemonti.pl\/en\/wp-json\/wp\/v2\/product_tag?post=1857143"}],"curies":[{"name":"wp","href":"https:\/\/api.w.org\/{rel}","templated":true}]}}